{"id":345,"date":"2026-01-22T12:04:56","date_gmt":"2026-01-22T12:04:56","guid":{"rendered":"https:\/\/baenderbedrucken.de\/?page_id=345"},"modified":"2026-02-19T12:50:16","modified_gmt":"2026-02-19T12:50:16","slug":"eroeffnungsbaender-mit-aufdruck-in-vollfarbe","status":"publish","type":"page","link":"https:\/\/baenderbedrucken.de\/index.php\/eroeffnungsbaender-mit-aufdruck-in-vollfarbe\/","title":{"rendered":"Er\u00f6ffnungsb\u00e4nder mit Aufdruck in Vollfarbe"},"content":{"rendered":"<h1>Er\u00f6ffnungsb\u00e4nder mit Aufdruck in Vollfarbe &#8211; B\u00e4nder mit Aufdruck<\/h1>\n<p><img loading=\"lazy\" decoding=\"async\" class=\"alignnone wp-image-398\" src=\"https:\/\/baenderbedrucken.de\/wp-content\/uploads\/2026\/02\/Eroffnungsbander-mit_Aufdruck_in-Vollfarbe.jpg\" alt=\"Er\u00f6ffnungsb\u00e4nder mit Aufdruck in Vollfarbe\" width=\"327\" height=\"491\" srcset=\"https:\/\/baenderbedrucken.de\/wp-content\/uploads\/2026\/02\/Eroffnungsbander-mit_Aufdruck_in-Vollfarbe.jpg 1024w, https:\/\/baenderbedrucken.de\/wp-content\/uploads\/2026\/02\/Eroffnungsbander-mit_Aufdruck_in-Vollfarbe-200x300.jpg 200w, https:\/\/baenderbedrucken.de\/wp-content\/uploads\/2026\/02\/Eroffnungsbander-mit_Aufdruck_in-Vollfarbe-683x1024.jpg 683w, https:\/\/baenderbedrucken.de\/wp-content\/uploads\/2026\/02\/Eroffnungsbander-mit_Aufdruck_in-Vollfarbe-768x1152.jpg 768w\" sizes=\"auto, (max-width: 327px) 100vw, 327px\" \/><\/p>\n<p>Planst du eine offizielle Veranstaltung? Unsere Einweihungsb\u00e4nder mit Aufdruck sind perfekt, um die Wichtigkeit der Er\u00f6ffnung eines Gesch\u00e4fts oder einer Anlage hervorzuheben. Au\u00dferdem macht der Aufdruck in Vollfarbe dein Logo oder deine \u00dcberschrift perfekt sichtbar, w\u00e4hrend das Band durchgeschnitten wird.<\/p>\n<h2>Verf\u00fcgbare Breiten und Drucktechnik<\/h2>\n<p><strong>Wir bieten die B\u00e4nder in verschiedenen Breiten an, also kannst du sie an deine Bed\u00fcrfnisse anpassen<\/strong><\/p>\n<p>\u2714\ufe0f 7 cm<\/p>\n<p>\u2705 10 cm (die beliebteste Breite)<\/p>\n<p>\u2714\ufe0f 15 cm<\/p>\n<p>Au\u00dferdem k\u00f6nnen wir auch die Breiten von 6, 8 und 9 cm bedrucken. Wir drucken in der Vollfarb-Sublimationstechnologie, du bekommst also lebendige und scharfe Farben.<\/p>\n<p>Wichtig ist, dass wir in der Vollfarb-Sublimationstechnik drucken, was die h\u00f6chste Qualit\u00e4t, Haltbarkeit und Farbintensit\u00e4t. Dadurch ist der Aufdruck abriebfest und<\/p>\n<p><img loading=\"lazy\" decoding=\"async\" class=\"alignnone wp-image-358\" src=\"https:\/\/baenderbedrucken.de\/wp-content\/uploads\/2026\/01\/Erooeffnungsbander-mit-Aufdruck.jpg\" alt=\"Ero\u00f6ffnungsbander mit Aufdruck\" width=\"421\" height=\"345\" srcset=\"https:\/\/baenderbedrucken.de\/wp-content\/uploads\/2026\/01\/Erooeffnungsbander-mit-Aufdruck.jpg 550w, https:\/\/baenderbedrucken.de\/wp-content\/uploads\/2026\/01\/Erooeffnungsbander-mit-Aufdruck-300x246.jpg 300w\" sizes=\"auto, (max-width: 421px) 100vw, 421px\" \/><\/p>\n<h2>Personalisierte B\u00e4nder f\u00fcr die Einweihungsfeier von Gesch\u00e4ften und Anlagen<\/h2>\n<p>In unserem Angebot findest du Er\u00f6ffnungsb\u00e4nder mit Vollfarb-Aufdruck, die aus einem eleganten, haltbaren Material hergestellt sind. Dank dessen sieht das Band nicht nur gut aus \u2013 es wird zu einer nachhaltigen Erinnerung an die Feier. Au\u00dferdem kann das Band ein Logo, einen Firmennamen, den Namen des Events oder andere Grafikelemente enthalten.<\/p>\n<p><img loading=\"lazy\" decoding=\"async\" class=\"alignnone size-medium wp-image-352\" src=\"https:\/\/baenderbedrucken.de\/wp-content\/uploads\/2026\/01\/Er0ffnungsbander-mit-Aufdruck-300x258.jpg\" alt=\"Er\u00f6ffnungsb\u00e4nder mit Aufdruck \" width=\"300\" height=\"258\" srcset=\"https:\/\/baenderbedrucken.de\/wp-content\/uploads\/2026\/01\/Er0ffnungsbander-mit-Aufdruck-300x258.jpg 300w, https:\/\/baenderbedrucken.de\/wp-content\/uploads\/2026\/01\/Er0ffnungsbander-mit-Aufdruck-1024x879.jpg 1024w, https:\/\/baenderbedrucken.de\/wp-content\/uploads\/2026\/01\/Er0ffnungsbander-mit-Aufdruck-768x659.jpg 768w, https:\/\/baenderbedrucken.de\/wp-content\/uploads\/2026\/01\/Er0ffnungsbander-mit-Aufdruck.jpg 1278w\" sizes=\"auto, (max-width: 300px) 100vw, 300px\" \/><\/p>\n<h3>Sch\u00e4rpe f\u00fcr Hostessen<\/h3>\n<p>Die B\u00e4nder mit Aufdruck eignen sich perfekt als Sch\u00e4rpen f\u00fcr Hostessen. Die Standardl\u00e4nge der Sch\u00e4rpen betr\u00e4gt 210 cm. Wir k\u00f6nnen aber auch andere L\u00e4ngen herstellen \ud83d\ude42<\/p>\n<p>\u25b6\ufe0fMessen und Ausstellungen \u2013 Hostessen mit Sch\u00e4rpen ziehen die Aufmerksamkeit der Besucher st\u00e4rken an,<\/p>\n<p>\u2714\ufe0f Firmen- und Gala-Veranstaltungen \u2013 sie heben die Wichtigkeit der Veranstaltung und das Image der Firma hervor,<\/p>\n<p>\u25b6\ufe0f Werbekampagnen und Sampling in Kaufh\u00e4usern \u2013 sie machen das Team in einer Menschenmenge auff\u00e4llig,<\/p>\n<p>\u2714\ufe0f Konferenzen und Produkteinf\u00fchrungen \u2013 ein elegantes Detail, das eine koh\u00e4rente Markenpolitik aufbaut,<\/p>\n<p>\u25b6\ufe0f Sportveranstaltungen und Wettbewerbe \u2013 oft verwendet, um die Preistr\u00e4ger und Moderatoren zu unterscheiden<\/p>\n<p>\u2714\ufe0f Die Produktionszeit beginnt bereits ab 2 Werktagen, und die Mindestbestellmenge betr\u00e4gt 4 Meter.<\/p>\n<p><img loading=\"lazy\" decoding=\"async\" class=\"alignnone wp-image-353 \" src=\"https:\/\/baenderbedrucken.de\/wp-content\/uploads\/2026\/01\/Scharpen_und-Eroffnungsbander_mit_Logoaufdruck.jpg\" alt=\"Sch\u00e4rpen und Er\u00f6ffnungsb\u00e4nder mit Logoaufdruck\" width=\"591\" height=\"393\" srcset=\"https:\/\/baenderbedrucken.de\/wp-content\/uploads\/2026\/01\/Scharpen_und-Eroffnungsbander_mit_Logoaufdruck.jpg 940w, https:\/\/baenderbedrucken.de\/wp-content\/uploads\/2026\/01\/Scharpen_und-Eroffnungsbander_mit_Logoaufdruck-300x200.jpg 300w, https:\/\/baenderbedrucken.de\/wp-content\/uploads\/2026\/01\/Scharpen_und-Eroffnungsbander_mit_Logoaufdruck-768x511.jpg 768w\" sizes=\"auto, (max-width: 591px) 100vw, 591px\" \/><\/p>\n<h2>Kontakt und Angebot<\/h2>\n<p><a href=\"https:\/\/baenderbedrucken.de\/index.php\/kontakt-bander-werbe\/\">Kontaktiere<\/a> uns \u00fcber email<a href=\"mailto:info@baenderbedrucken.de\"> info@baenderbedrucken.de<\/a> . Auf dieser Basis werden wir ein Angebot und ein Design-Projekt f\u00fcr dein Band erstellen.<\/p>\n","protected":false},"excerpt":{"rendered":"<p>Er\u00f6ffnungsb\u00e4nder mit Aufdruck in Vollfarbe &#8211; B\u00e4nder mit Aufdruck Planst du eine offizielle Veranstaltung? Unsere Einweihungsb\u00e4nder mit Aufdruck sind perfekt, um die Wichtigkeit der Er\u00f6ffnung&hellip;<\/p>\n","protected":false},"author":1,"featured_media":0,"parent":0,"menu_order":0,"comment_status":"closed","ping_status":"closed","template":"","meta":{"footnotes":""},"class_list":["post-345","page","type-page","status-publish","hentry"],"yoast_head":"<!-- This site is optimized with the Yoast SEO plugin v27.0 - https:\/\/yoast.com\/product\/yoast-seo-wordpress\/ -->\n<title>Er\u00f6ffnungsb\u00e4nder mit Aufdruck in Vollfarbe - BaenderBedrucken.de - Geschenkb\u00e4nder mit Logo<\/title>\n<meta name=\"description\" content=\"Individuelle Er\u00f6ffnungsb\u00e4nder mit Vollfarb-Aufdruck f\u00fcr feierliche Er\u00f6ffnungen. Langlebiges Material, perfekt f\u00fcr Logos &amp; Texte.\" \/>\n<meta name=\"robots\" content=\"index, follow, max-snippet:-1, max-image-preview:large, max-video-preview:-1\" \/>\n<link rel=\"canonical\" href=\"https:\/\/baenderbedrucken.de\/index.php\/eroeffnungsbaender-mit-aufdruck-in-vollfarbe\/\" \/>\n<meta property=\"og:locale\" content=\"de_DE\" \/>\n<meta property=\"og:type\" content=\"article\" \/>\n<meta property=\"og:title\" content=\"Er\u00f6ffnungsb\u00e4nder mit Aufdruck in Vollfarbe - BaenderBedrucken.de - Geschenkb\u00e4nder mit Logo\" \/>\n<meta property=\"og:description\" content=\"Individuelle Er\u00f6ffnungsb\u00e4nder mit Vollfarb-Aufdruck f\u00fcr feierliche Er\u00f6ffnungen. Langlebiges Material, perfekt f\u00fcr Logos &amp; Texte.\" \/>\n<meta property=\"og:url\" content=\"https:\/\/baenderbedrucken.de\/index.php\/eroeffnungsbaender-mit-aufdruck-in-vollfarbe\/\" \/>\n<meta property=\"og:site_name\" content=\"BaenderBedrucken.de - Geschenkb\u00e4nder mit Logo\" \/>\n<meta property=\"article:publisher\" content=\"https:\/\/www.facebook.com\/baenderbedrucken\/\" \/>\n<meta property=\"article:modified_time\" content=\"2026-02-19T12:50:16+00:00\" \/>\n<meta property=\"og:image\" content=\"https:\/\/baenderbedrucken.de\/wp-content\/uploads\/2026\/02\/Eroffnungsbander-mit_Aufdruck_in-Vollfarbe.jpg\" \/>\n\t<meta property=\"og:image:width\" content=\"1024\" \/>\n\t<meta property=\"og:image:height\" content=\"1536\" \/>\n\t<meta property=\"og:image:type\" content=\"image\/jpeg\" \/>\n<meta name=\"twitter:card\" content=\"summary_large_image\" \/>\n<meta name=\"twitter:label1\" content=\"Gesch\u00e4tzte Lesezeit\" \/>\n\t<meta name=\"twitter:data1\" content=\"3\u00a0Minuten\" \/>\n<script type=\"application\/ld+json\" class=\"yoast-schema-graph\">{\"@context\":\"https:\/\/schema.org\",\"@graph\":[{\"@type\":\"WebPage\",\"@id\":\"https:\/\/baenderbedrucken.de\/index.php\/eroeffnungsbaender-mit-aufdruck-in-vollfarbe\/\",\"url\":\"https:\/\/baenderbedrucken.de\/index.php\/eroeffnungsbaender-mit-aufdruck-in-vollfarbe\/\",\"name\":\"Er\u00f6ffnungsb\u00e4nder mit Aufdruck in Vollfarbe - BaenderBedrucken.de - Geschenkb\u00e4nder mit Logo\",\"isPartOf\":{\"@id\":\"https:\/\/baenderbedrucken.de\/#website\"},\"primaryImageOfPage\":{\"@id\":\"https:\/\/baenderbedrucken.de\/index.php\/eroeffnungsbaender-mit-aufdruck-in-vollfarbe\/#primaryimage\"},\"image\":{\"@id\":\"https:\/\/baenderbedrucken.de\/index.php\/eroeffnungsbaender-mit-aufdruck-in-vollfarbe\/#primaryimage\"},\"thumbnailUrl\":\"https:\/\/baenderbedrucken.de\/wp-content\/uploads\/2026\/02\/Eroffnungsbander-mit_Aufdruck_in-Vollfarbe.jpg\",\"datePublished\":\"2026-01-22T12:04:56+00:00\",\"dateModified\":\"2026-02-19T12:50:16+00:00\",\"description\":\"Individuelle Er\u00f6ffnungsb\u00e4nder mit Vollfarb-Aufdruck f\u00fcr feierliche Er\u00f6ffnungen. Langlebiges Material, perfekt f\u00fcr Logos & Texte.\",\"breadcrumb\":{\"@id\":\"https:\/\/baenderbedrucken.de\/index.php\/eroeffnungsbaender-mit-aufdruck-in-vollfarbe\/#breadcrumb\"},\"inLanguage\":\"de\",\"potentialAction\":[{\"@type\":\"ReadAction\",\"target\":[\"https:\/\/baenderbedrucken.de\/index.php\/eroeffnungsbaender-mit-aufdruck-in-vollfarbe\/\"]}]},{\"@type\":\"ImageObject\",\"inLanguage\":\"de\",\"@id\":\"https:\/\/baenderbedrucken.de\/index.php\/eroeffnungsbaender-mit-aufdruck-in-vollfarbe\/#primaryimage\",\"url\":\"https:\/\/baenderbedrucken.de\/wp-content\/uploads\/2026\/02\/Eroffnungsbander-mit_Aufdruck_in-Vollfarbe.jpg\",\"contentUrl\":\"https:\/\/baenderbedrucken.de\/wp-content\/uploads\/2026\/02\/Eroffnungsbander-mit_Aufdruck_in-Vollfarbe.jpg\",\"width\":1024,\"height\":1536,\"caption\":\"Er\u00f6ffnungsb\u00e4nder mit Aufdruck in Vollfarbe\"},{\"@type\":\"BreadcrumbList\",\"@id\":\"https:\/\/baenderbedrucken.de\/index.php\/eroeffnungsbaender-mit-aufdruck-in-vollfarbe\/#breadcrumb\",\"itemListElement\":[{\"@type\":\"ListItem\",\"position\":1,\"name\":\"Home\",\"item\":\"https:\/\/baenderbedrucken.de\/\"},{\"@type\":\"ListItem\",\"position\":2,\"name\":\"Er\u00f6ffnungsb\u00e4nder mit Aufdruck in Vollfarbe\"}]},{\"@type\":\"WebSite\",\"@id\":\"https:\/\/baenderbedrucken.de\/#website\",\"url\":\"https:\/\/baenderbedrucken.de\/\",\"name\":\"BaenderBedrucken.de - Geschenkb\u00e4nder mit Logo\",\"description\":\"Satinband bedrucken\",\"publisher\":{\"@id\":\"https:\/\/baenderbedrucken.de\/#organization\"},\"potentialAction\":[{\"@type\":\"SearchAction\",\"target\":{\"@type\":\"EntryPoint\",\"urlTemplate\":\"https:\/\/baenderbedrucken.de\/?s={search_term_string}\"},\"query-input\":{\"@type\":\"PropertyValueSpecification\",\"valueRequired\":true,\"valueName\":\"search_term_string\"}}],\"inLanguage\":\"de\"},{\"@type\":\"Organization\",\"@id\":\"https:\/\/baenderbedrucken.de\/#organization\",\"name\":\"BaenderBedrucken.de - Geschenkb\u00e4nder mit Logo\",\"url\":\"https:\/\/baenderbedrucken.de\/\",\"logo\":{\"@type\":\"ImageObject\",\"inLanguage\":\"de\",\"@id\":\"https:\/\/baenderbedrucken.de\/#\/schema\/logo\/image\/\",\"url\":\"https:\/\/baenderbedrucken.de\/wp-content\/uploads\/2021\/02\/cropped-GESCHENKBANDER-1.gif\",\"contentUrl\":\"https:\/\/baenderbedrucken.de\/wp-content\/uploads\/2021\/02\/cropped-GESCHENKBANDER-1.gif\",\"width\":731,\"height\":163,\"caption\":\"BaenderBedrucken.de - Geschenkb\u00e4nder mit Logo\"},\"image\":{\"@id\":\"https:\/\/baenderbedrucken.de\/#\/schema\/logo\/image\/\"},\"sameAs\":[\"https:\/\/www.facebook.com\/baenderbedrucken\/\"]}]}<\/script>\n<!-- \/ Yoast SEO plugin. -->","yoast_head_json":{"title":"Er\u00f6ffnungsb\u00e4nder mit Aufdruck in Vollfarbe - BaenderBedrucken.de - Geschenkb\u00e4nder mit Logo","description":"Individuelle Er\u00f6ffnungsb\u00e4nder mit Vollfarb-Aufdruck f\u00fcr feierliche Er\u00f6ffnungen. Langlebiges Material, perfekt f\u00fcr Logos & Texte.","robots":{"index":"index","follow":"follow","max-snippet":"max-snippet:-1","max-image-preview":"max-image-preview:large","max-video-preview":"max-video-preview:-1"},"canonical":"https:\/\/baenderbedrucken.de\/index.php\/eroeffnungsbaender-mit-aufdruck-in-vollfarbe\/","og_locale":"de_DE","og_type":"article","og_title":"Er\u00f6ffnungsb\u00e4nder mit Aufdruck in Vollfarbe - BaenderBedrucken.de - Geschenkb\u00e4nder mit Logo","og_description":"Individuelle Er\u00f6ffnungsb\u00e4nder mit Vollfarb-Aufdruck f\u00fcr feierliche Er\u00f6ffnungen. Langlebiges Material, perfekt f\u00fcr Logos & Texte.","og_url":"https:\/\/baenderbedrucken.de\/index.php\/eroeffnungsbaender-mit-aufdruck-in-vollfarbe\/","og_site_name":"BaenderBedrucken.de - Geschenkb\u00e4nder mit Logo","article_publisher":"https:\/\/www.facebook.com\/baenderbedrucken\/","article_modified_time":"2026-02-19T12:50:16+00:00","og_image":[{"width":1024,"height":1536,"url":"https:\/\/baenderbedrucken.de\/wp-content\/uploads\/2026\/02\/Eroffnungsbander-mit_Aufdruck_in-Vollfarbe.jpg","type":"image\/jpeg"}],"twitter_card":"summary_large_image","twitter_misc":{"Gesch\u00e4tzte Lesezeit":"3\u00a0Minuten"},"schema":{"@context":"https:\/\/schema.org","@graph":[{"@type":"WebPage","@id":"https:\/\/baenderbedrucken.de\/index.php\/eroeffnungsbaender-mit-aufdruck-in-vollfarbe\/","url":"https:\/\/baenderbedrucken.de\/index.php\/eroeffnungsbaender-mit-aufdruck-in-vollfarbe\/","name":"Er\u00f6ffnungsb\u00e4nder mit Aufdruck in Vollfarbe - BaenderBedrucken.de - Geschenkb\u00e4nder mit Logo","isPartOf":{"@id":"https:\/\/baenderbedrucken.de\/#website"},"primaryImageOfPage":{"@id":"https:\/\/baenderbedrucken.de\/index.php\/eroeffnungsbaender-mit-aufdruck-in-vollfarbe\/#primaryimage"},"image":{"@id":"https:\/\/baenderbedrucken.de\/index.php\/eroeffnungsbaender-mit-aufdruck-in-vollfarbe\/#primaryimage"},"thumbnailUrl":"https:\/\/baenderbedrucken.de\/wp-content\/uploads\/2026\/02\/Eroffnungsbander-mit_Aufdruck_in-Vollfarbe.jpg","datePublished":"2026-01-22T12:04:56+00:00","dateModified":"2026-02-19T12:50:16+00:00","description":"Individuelle Er\u00f6ffnungsb\u00e4nder mit Vollfarb-Aufdruck f\u00fcr feierliche Er\u00f6ffnungen. Langlebiges Material, perfekt f\u00fcr Logos & Texte.","breadcrumb":{"@id":"https:\/\/baenderbedrucken.de\/index.php\/eroeffnungsbaender-mit-aufdruck-in-vollfarbe\/#breadcrumb"},"inLanguage":"de","potentialAction":[{"@type":"ReadAction","target":["https:\/\/baenderbedrucken.de\/index.php\/eroeffnungsbaender-mit-aufdruck-in-vollfarbe\/"]}]},{"@type":"ImageObject","inLanguage":"de","@id":"https:\/\/baenderbedrucken.de\/index.php\/eroeffnungsbaender-mit-aufdruck-in-vollfarbe\/#primaryimage","url":"https:\/\/baenderbedrucken.de\/wp-content\/uploads\/2026\/02\/Eroffnungsbander-mit_Aufdruck_in-Vollfarbe.jpg","contentUrl":"https:\/\/baenderbedrucken.de\/wp-content\/uploads\/2026\/02\/Eroffnungsbander-mit_Aufdruck_in-Vollfarbe.jpg","width":1024,"height":1536,"caption":"Er\u00f6ffnungsb\u00e4nder mit Aufdruck in Vollfarbe"},{"@type":"BreadcrumbList","@id":"https:\/\/baenderbedrucken.de\/index.php\/eroeffnungsbaender-mit-aufdruck-in-vollfarbe\/#breadcrumb","itemListElement":[{"@type":"ListItem","position":1,"name":"Home","item":"https:\/\/baenderbedrucken.de\/"},{"@type":"ListItem","position":2,"name":"Er\u00f6ffnungsb\u00e4nder mit Aufdruck in Vollfarbe"}]},{"@type":"WebSite","@id":"https:\/\/baenderbedrucken.de\/#website","url":"https:\/\/baenderbedrucken.de\/","name":"BaenderBedrucken.de - Geschenkb\u00e4nder mit Logo","description":"Satinband bedrucken","publisher":{"@id":"https:\/\/baenderbedrucken.de\/#organization"},"potentialAction":[{"@type":"SearchAction","target":{"@type":"EntryPoint","urlTemplate":"https:\/\/baenderbedrucken.de\/?s={search_term_string}"},"query-input":{"@type":"PropertyValueSpecification","valueRequired":true,"valueName":"search_term_string"}}],"inLanguage":"de"},{"@type":"Organization","@id":"https:\/\/baenderbedrucken.de\/#organization","name":"BaenderBedrucken.de - Geschenkb\u00e4nder mit Logo","url":"https:\/\/baenderbedrucken.de\/","logo":{"@type":"ImageObject","inLanguage":"de","@id":"https:\/\/baenderbedrucken.de\/#\/schema\/logo\/image\/","url":"https:\/\/baenderbedrucken.de\/wp-content\/uploads\/2021\/02\/cropped-GESCHENKBANDER-1.gif","contentUrl":"https:\/\/baenderbedrucken.de\/wp-content\/uploads\/2021\/02\/cropped-GESCHENKBANDER-1.gif","width":731,"height":163,"caption":"BaenderBedrucken.de - Geschenkb\u00e4nder mit Logo"},"image":{"@id":"https:\/\/baenderbedrucken.de\/#\/schema\/logo\/image\/"},"sameAs":["https:\/\/www.facebook.com\/baenderbedrucken\/"]}]}},"_links":{"self":[{"href":"https:\/\/baenderbedrucken.de\/index.php\/wp-json\/wp\/v2\/pages\/345","targetHints":{"allow":["GET"]}}],"collection":[{"href":"https:\/\/baenderbedrucken.de\/index.php\/wp-json\/wp\/v2\/pages"}],"about":[{"href":"https:\/\/baenderbedrucken.de\/index.php\/wp-json\/wp\/v2\/types\/page"}],"author":[{"embeddable":true,"href":"https:\/\/baenderbedrucken.de\/index.php\/wp-json\/wp\/v2\/users\/1"}],"replies":[{"embeddable":true,"href":"https:\/\/baenderbedrucken.de\/index.php\/wp-json\/wp\/v2\/comments?post=345"}],"version-history":[{"count":9,"href":"https:\/\/baenderbedrucken.de\/index.php\/wp-json\/wp\/v2\/pages\/345\/revisions"}],"predecessor-version":[{"id":399,"href":"https:\/\/baenderbedrucken.de\/index.php\/wp-json\/wp\/v2\/pages\/345\/revisions\/399"}],"wp:attachment":[{"href":"https:\/\/baenderbedrucken.de\/index.php\/wp-json\/wp\/v2\/media?parent=345"}],"curies":[{"name":"wp","href":"https:\/\/api.w.org\/{rel}","templated":true}]}}